{"id":2142,"date":"2017-03-29T12:29:49","date_gmt":"2017-03-29T10:29:49","guid":{"rendered":"http:\/\/www.paramente.net\/produkt\/mainzer-dom-ornat-2002\/"},"modified":"2017-07-20T10:14:22","modified_gmt":"2017-07-20T08:14:22","slug":"mainzer-dom-ornat-2002","status":"publish","type":"product","link":"https:\/\/www.paramente.net\/fr\/produit\/mainzer-dom-ornat-2002\/","title":{"rendered":"Regalia de la cath\u00e9drale de Mayence 2002"},"content":{"rendered":"<p>V\u00eatements de masse pour la cath\u00e9drale de Mayence bas\u00e9s sur des dessins de Claus Kilian et Raphael Seitz<\/p>\n<p>Conform\u00e9ment au souhait du fondateur, ces robes devraient repr\u00e9senter tr\u00e8s discr\u00e8tement un morceau de l&#039;histoire de Mayence ou de l&#039;histoire de l&#039;\u00e9glise de Mayence. et des \u00e9v\u00e9nements qui ont \u00e9t\u00e9 et sont tout aussi importants pour Mayence, l&#039;histoire de la ville et de l&#039;\u00e9glise.<\/p>\n<p><span style=\"color: #b80404;\"><strong>Rouge, la couleur du sang! <\/strong><\/span>Ces v\u00eatements repr\u00e9sentent Mayence, qui devient chr\u00e9tienne; la Mayence de l&#039;\u00e9glise des martyrs des premiers si\u00e8cles, \u00e0 l&#039;\u00e9poque romaine et franque. St. Stephan, premier martyr du christianisme et deuxi\u00e8me patron de la cath\u00e9drale, qui d\u00e9capita St. Alban (d\u00e9c\u00e9d\u00e9 environ 406) et St. Bonifatius (mort en 754), archev\u00eaque de Mayence et &quot;Ap\u00f4tre des Allemands &amp; #8220;&quot;, illustr\u00e9.<\/p>\n<p><span style=\"color: #856b05;\">Blanc (or), la couleur de la joie!<\/span> Ces v\u00eatements repr\u00e9sentent le \u00abGolden Mainz &amp; #8220; (aurea moguntia). Ils montrent St. Martinus von Tours (d\u00e9c\u00e9d\u00e9 en 397), saint patron de la cath\u00e9drale et du dioc\u00e8se de Mayence, l&#039;archev\u00eaque Hrabanus Maurus (d\u00e9c\u00e9d\u00e9 en 856), le &quot;professeur d&#039;Allemagne &amp; #8220;&quot;, et l&#039;archev\u00eaque Willigis (d\u00e9c\u00e9d\u00e9 en 1011), le constructeur de la cath\u00e9drale<\/p>\n<p><span style=\"color: #044f02;\">Le vert, la couleur de l&#039;espoir!<\/span> Ces v\u00eatements repr\u00e9sentent la ville de Mayence, pleine d&#039;espoir. Chiffres significatifs de l&#039;histoire de l&#039;\u00e9glise de Mainze &amp; #8211; l&#039;abbesse Hildegard von Bingen (d\u00e9c\u00e9d\u00e9e en 1179), le j\u00e9suite Petrus Canisius (d\u00e9c\u00e9d\u00e9e en 1597) et l&#039;\u00e9v\u00eaque Emmanuel Freiherr von Ketteler (d\u00e9c\u00e9d\u00e9e en 1877) &amp; #8211; sont indiqu\u00e9s.<\/p>\n<p><span style=\"color: #660636;\">Violet, la couleur du repentir et du chagrin!<\/span> Ces v\u00eatements repr\u00e9sentent le deuil, le p\u00e9nitent, l&#039;espoir, la nouvelle Mayence. Le temps de la p\u00e9nitence de P\u00e2ques (Car\u00eame) est compl\u00e8tement fa\u00e7onn\u00e9 par cette couleur: par le repentir (conversion) et par le bapt\u00eame (souvenir du bapt\u00eame) l&#039;homme doit devenir nouveau.<br \/>\nLe violet et le noir sont aussi les couleurs du deuil; ils sont utilis\u00e9s dans la liturgie des d\u00e9funts (fun\u00e9railles \/ requiem) et le jour de la Toussaint, jour de comm\u00e9moration de tous les d\u00e9funts (2 novembre). Dans ce contexte, les robes violettes des insignes de la cath\u00e9drale de Mayence peuvent \u00eatre vues. \u00abLe souvenir est le commencement du salut &amp; #8220; dit un proverbe juif, et ces robes veulent rappeler: des \u00e9v\u00e9nements et des personnes dont de nombreux habitants de Mayence se souviennent encore parce qu&#039;ils ont v\u00e9cu cette fois eux-m\u00eames! Le souvenir maintient le d\u00e9sir de paix \u00e9veill\u00e9 et \u00e9veille la volont\u00e9 de se repentir.<br \/>\nLes v\u00eatements montrent le pape b\u00e9atifi\u00e9 Jean XXIII, le carm\u00e9lite converti du juda\u00efsme au catholicisme et Edith Stein (Sr. Theresia Benedicta de la Croix) assassin\u00e9 en 1942 dans la chambre \u00e0 gaz de Birkenau &amp; #8211; et une femme &quot;sans nom &amp; #8220;.<br \/>\nUn v\u00eatement individuel suppl\u00e9mentaire comm\u00e9more la destruction de Mayence pendant la Seconde Guerre mondiale le 27 f\u00e9vrier 1945.<\/p>\n<p>&nbsp;<\/p>\n<p>&nbsp;<\/p>","protected":false},"excerpt":{"rendered":"<p>Messgew\u00e4nder f\u00fcr den Mainzer Dom nach Entw\u00fcrfen von Claus Kilian und Raphael Seitz Dem Wunsch des Stifters entsprechend sollten diese Gew\u00e4nder sehr dezent ein St\u00fcck Mainzer Geschichte bzw. Mainzer Kirchengeschichte darstellen Ziel war es den Gew\u00e4ndern in ihrer liturgischen Farbgebung (wei\u00df, gr\u00fcn, rot, violett) Menschen und Ereignisse einer fast 2000-j\u00e4hrigen wechselhaften Geschichte zuzuordnen: Menschen und&hellip;<\/p>","protected":false},"featured_media":2200,"comment_status":"closed","ping_status":"closed","template":"","meta":[],"product_brand":[],"product_cat":[639],"product_tag":[738,418,723,605,729,606,621,101,679,612,609,608,674,95,815,99,795,607,100,151,610,675,794,793,98,816,673,96,604],"class_list":{"0":"post-2142","1":"product","2":"type-product","3":"status-publish","4":"has-post-thumbnail","6":"product_cat-ornate","7":"product_tag-chormantel","8":"product_tag-claus-kilian","9":"product_tag-dalmatik","10":"product_tag-festgewand","11":"product_tag-festornat","12":"product_tag-gewand","13":"product_tag-gewebt","14":"product_tag-handgewebt","15":"product_tag-handgewebte-seide","16":"product_tag-handstickerei","17":"product_tag-handwebstoff","18":"product_tag-hauptgewand","19":"product_tag-japangold","20":"product_tag-kasel","21":"product_tag-mainz","22":"product_tag-messgewand","23":"product_tag-mitra","24":"product_tag-ornat","25":"product_tag-priestergewand","26":"product_tag-raphael-seitz","27":"product_tag-reine-seide","28":"product_tag-reinseidenfutter","29":"product_tag-segennsvelum","30":"product_tag-segensvelum","31":"product_tag-seide","32":"product_tag-stephan","33":"product_tag-twist","34":"product_tag-weiss","35":"product_tag-weisse-kasel","36":"entry","37":"has-media","39":"first","40":"instock","41":"taxable","42":"shipping-taxable","43":"purchasable","44":"product-type-simple"},"yoast_head":"<!-- This site is optimized with the Yoast SEO plugin v27.4 - https:\/\/yoast.com\/product\/yoast-seo-wordpress\/ -->\n<title>Mainzer Dom-Ornat 2002 - Clemens Jansen &amp; Co<\/title>\n<meta name=\"robots\" content=\"index, follow, max-snippet:-1, max-image-preview:large, max-video-preview:-1\" \/>\n<link rel=\"canonical\" href=\"https:\/\/www.paramente.net\/fr\/produit\/mainzer-dom-ornat-2002\/\" \/>\n<meta property=\"og:locale\" content=\"fr_FR\" \/>\n<meta property=\"og:type\" content=\"article\" \/>\n<meta property=\"og:title\" content=\"Mainzer Dom-Ornat 2002 - Clemens Jansen &amp; Co\" \/>\n<meta property=\"og:description\" content=\"Messgew\u00e4nder f\u00fcr den Mainzer Dom nach Entw\u00fcrfen von Claus Kilian und Raphael Seitz Dem Wunsch des Stifters entsprechend sollten diese Gew\u00e4nder sehr dezent ein St\u00fcck Mainzer Geschichte bzw. Mainzer Kirchengeschichte darstellen Ziel war es den Gew\u00e4ndern in ihrer liturgischen Farbgebung (wei\u00df, gr\u00fcn, rot, violett) Menschen und Ereignisse einer fast 2000-j\u00e4hrigen wechselhaften Geschichte zuzuordnen: Menschen und&hellip;\" \/>\n<meta property=\"og:url\" content=\"https:\/\/www.paramente.net\/fr\/produit\/mainzer-dom-ornat-2002\/\" \/>\n<meta property=\"og:site_name\" content=\"Clemens Jansen &amp; Co\" \/>\n<meta property=\"article:modified_time\" content=\"2017-07-20T08:14:22+00:00\" \/>\n<meta property=\"og:image\" content=\"https:\/\/www.paramente.net\/wp-content\/uploads\/2017\/03\/Stephanus-1.jpg\" \/>\n\t<meta property=\"og:image:width\" content=\"450\" \/>\n\t<meta property=\"og:image:height\" content=\"700\" \/>\n\t<meta property=\"og:image:type\" content=\"image\/jpeg\" \/>\n<meta name=\"twitter:card\" content=\"summary_large_image\" \/>\n<meta name=\"twitter:label1\" content=\"Dur\u00e9e de lecture estim\u00e9e\" \/>\n\t<meta name=\"twitter:data1\" content=\"2 minutes\" \/>\n<script type=\"application\/ld+json\" class=\"yoast-schema-graph\">{\"@context\":\"https:\\\/\\\/schema.org\",\"@graph\":[{\"@type\":\"WebPage\",\"@id\":\"https:\\\/\\\/www.paramente.net\\\/produkt\\\/mainzer-dom-ornat-2002\\\/\",\"url\":\"https:\\\/\\\/www.paramente.net\\\/produkt\\\/mainzer-dom-ornat-2002\\\/\",\"name\":\"Mainzer Dom-Ornat 2002 - Clemens Jansen &amp; Co\",\"isPartOf\":{\"@id\":\"https:\\\/\\\/www.paramente.net\\\/#website\"},\"primaryImageOfPage\":{\"@id\":\"https:\\\/\\\/www.paramente.net\\\/produkt\\\/mainzer-dom-ornat-2002\\\/#primaryimage\"},\"image\":{\"@id\":\"https:\\\/\\\/www.paramente.net\\\/produkt\\\/mainzer-dom-ornat-2002\\\/#primaryimage\"},\"thumbnailUrl\":\"https:\\\/\\\/www.paramente.net\\\/wp-content\\\/uploads\\\/2017\\\/03\\\/Stephanus-1.jpg\",\"datePublished\":\"2017-03-29T10:29:49+00:00\",\"dateModified\":\"2017-07-20T08:14:22+00:00\",\"breadcrumb\":{\"@id\":\"https:\\\/\\\/www.paramente.net\\\/produkt\\\/mainzer-dom-ornat-2002\\\/#breadcrumb\"},\"inLanguage\":\"fr-FR\",\"potentialAction\":[{\"@type\":\"ReadAction\",\"target\":[\"https:\\\/\\\/www.paramente.net\\\/produkt\\\/mainzer-dom-ornat-2002\\\/\"]}]},{\"@type\":\"ImageObject\",\"inLanguage\":\"fr-FR\",\"@id\":\"https:\\\/\\\/www.paramente.net\\\/produkt\\\/mainzer-dom-ornat-2002\\\/#primaryimage\",\"url\":\"https:\\\/\\\/www.paramente.net\\\/wp-content\\\/uploads\\\/2017\\\/03\\\/Stephanus-1.jpg\",\"contentUrl\":\"https:\\\/\\\/www.paramente.net\\\/wp-content\\\/uploads\\\/2017\\\/03\\\/Stephanus-1.jpg\",\"width\":450,\"height\":700},{\"@type\":\"BreadcrumbList\",\"@id\":\"https:\\\/\\\/www.paramente.net\\\/produkt\\\/mainzer-dom-ornat-2002\\\/#breadcrumb\",\"itemListElement\":[{\"@type\":\"ListItem\",\"position\":1,\"name\":\"Startseite\",\"item\":\"https:\\\/\\\/www.paramente.net\\\/\"},{\"@type\":\"ListItem\",\"position\":2,\"name\":\"Katalog\",\"item\":\"https:\\\/\\\/www.paramente.net\\\/katalog\\\/\"},{\"@type\":\"ListItem\",\"position\":3,\"name\":\"Mainzer Dom-Ornat 2002\"}]},{\"@type\":\"WebSite\",\"@id\":\"https:\\\/\\\/www.paramente.net\\\/#website\",\"url\":\"https:\\\/\\\/www.paramente.net\\\/\",\"name\":\"Clemens Jansen & Co\",\"description\":\"Hersteller und Lieferant f\u00fcr individuellen Kirchenbedarf\",\"publisher\":{\"@id\":\"https:\\\/\\\/www.paramente.net\\\/#organization\"},\"potentialAction\":[{\"@type\":\"SearchAction\",\"target\":{\"@type\":\"EntryPoint\",\"urlTemplate\":\"https:\\\/\\\/www.paramente.net\\\/?s={search_term_string}\"},\"query-input\":{\"@type\":\"PropertyValueSpecification\",\"valueRequired\":true,\"valueName\":\"search_term_string\"}}],\"inLanguage\":\"fr-FR\"},{\"@type\":\"Organization\",\"@id\":\"https:\\\/\\\/www.paramente.net\\\/#organization\",\"name\":\"Clemens Jansen & Co\",\"url\":\"https:\\\/\\\/www.paramente.net\\\/\",\"logo\":{\"@type\":\"ImageObject\",\"inLanguage\":\"fr-FR\",\"@id\":\"https:\\\/\\\/www.paramente.net\\\/#\\\/schema\\\/logo\\\/image\\\/\",\"url\":\"https:\\\/\\\/www.paramente.net\\\/wp-content\\\/uploads\\\/2016\\\/11\\\/paramente-logo.png\",\"contentUrl\":\"https:\\\/\\\/www.paramente.net\\\/wp-content\\\/uploads\\\/2016\\\/11\\\/paramente-logo.png\",\"width\":162,\"height\":162,\"caption\":\"Clemens Jansen & Co\"},\"image\":{\"@id\":\"https:\\\/\\\/www.paramente.net\\\/#\\\/schema\\\/logo\\\/image\\\/\"}}]}<\/script>\n<!-- \/ Yoast SEO plugin. -->","yoast_head_json":{"title":"Regalia de la cath\u00e9drale de Mayence 2002 - Clemens Jansen &amp; Co","robots":{"index":"index","follow":"follow","max-snippet":"max-snippet:-1","max-image-preview":"max-image-preview:large","max-video-preview":"max-video-preview:-1"},"canonical":"https:\/\/www.paramente.net\/fr\/produit\/mainzer-dom-ornat-2002\/","og_locale":"fr_FR","og_type":"article","og_title":"Mainzer Dom-Ornat 2002 - Clemens Jansen &amp; Co","og_description":"Messgew\u00e4nder f\u00fcr den Mainzer Dom nach Entw\u00fcrfen von Claus Kilian und Raphael Seitz Dem Wunsch des Stifters entsprechend sollten diese Gew\u00e4nder sehr dezent ein St\u00fcck Mainzer Geschichte bzw. Mainzer Kirchengeschichte darstellen Ziel war es den Gew\u00e4ndern in ihrer liturgischen Farbgebung (wei\u00df, gr\u00fcn, rot, violett) Menschen und Ereignisse einer fast 2000-j\u00e4hrigen wechselhaften Geschichte zuzuordnen: Menschen und&hellip;","og_url":"https:\/\/www.paramente.net\/fr\/produit\/mainzer-dom-ornat-2002\/","og_site_name":"Clemens Jansen &amp; Co","article_modified_time":"2017-07-20T08:14:22+00:00","og_image":[{"width":450,"height":700,"url":"https:\/\/www.paramente.net\/wp-content\/uploads\/2017\/03\/Stephanus-1.jpg","type":"image\/jpeg"}],"twitter_card":"summary_large_image","twitter_misc":{"Dur\u00e9e de lecture estim\u00e9e":"2 minutes"},"schema":{"@context":"https:\/\/schema.org","@graph":[{"@type":"WebPage","@id":"https:\/\/www.paramente.net\/produkt\/mainzer-dom-ornat-2002\/","url":"https:\/\/www.paramente.net\/produkt\/mainzer-dom-ornat-2002\/","name":"Regalia de la cath\u00e9drale de Mayence 2002 - Clemens Jansen &amp; Co","isPartOf":{"@id":"https:\/\/www.paramente.net\/#website"},"primaryImageOfPage":{"@id":"https:\/\/www.paramente.net\/produkt\/mainzer-dom-ornat-2002\/#primaryimage"},"image":{"@id":"https:\/\/www.paramente.net\/produkt\/mainzer-dom-ornat-2002\/#primaryimage"},"thumbnailUrl":"https:\/\/www.paramente.net\/wp-content\/uploads\/2017\/03\/Stephanus-1.jpg","datePublished":"2017-03-29T10:29:49+00:00","dateModified":"2017-07-20T08:14:22+00:00","breadcrumb":{"@id":"https:\/\/www.paramente.net\/produkt\/mainzer-dom-ornat-2002\/#breadcrumb"},"inLanguage":"fr-FR","potentialAction":[{"@type":"ReadAction","target":["https:\/\/www.paramente.net\/produkt\/mainzer-dom-ornat-2002\/"]}]},{"@type":"ImageObject","inLanguage":"fr-FR","@id":"https:\/\/www.paramente.net\/produkt\/mainzer-dom-ornat-2002\/#primaryimage","url":"https:\/\/www.paramente.net\/wp-content\/uploads\/2017\/03\/Stephanus-1.jpg","contentUrl":"https:\/\/www.paramente.net\/wp-content\/uploads\/2017\/03\/Stephanus-1.jpg","width":450,"height":700},{"@type":"BreadcrumbList","@id":"https:\/\/www.paramente.net\/produkt\/mainzer-dom-ornat-2002\/#breadcrumb","itemListElement":[{"@type":"ListItem","position":1,"name":"Startseite","item":"https:\/\/www.paramente.net\/"},{"@type":"ListItem","position":2,"name":"Katalog","item":"https:\/\/www.paramente.net\/katalog\/"},{"@type":"ListItem","position":3,"name":"Mainzer Dom-Ornat 2002"}]},{"@type":"WebSite","@id":"https:\/\/www.paramente.net\/#website","url":"https:\/\/www.paramente.net\/","name":"Clemens Jansen &amp; Co","description":"Fabricant et fournisseur pour les besoins individuels de l&#039;\u00e9glise","publisher":{"@id":"https:\/\/www.paramente.net\/#organization"},"potentialAction":[{"@type":"SearchAction","target":{"@type":"EntryPoint","urlTemplate":"https:\/\/www.paramente.net\/?s={search_term_string}"},"query-input":{"@type":"PropertyValueSpecification","valueRequired":true,"valueName":"search_term_string"}}],"inLanguage":"fr-FR"},{"@type":"Organization","@id":"https:\/\/www.paramente.net\/#organization","name":"Clemens Jansen &amp; Co","url":"https:\/\/www.paramente.net\/","logo":{"@type":"ImageObject","inLanguage":"fr-FR","@id":"https:\/\/www.paramente.net\/#\/schema\/logo\/image\/","url":"https:\/\/www.paramente.net\/wp-content\/uploads\/2016\/11\/paramente-logo.png","contentUrl":"https:\/\/www.paramente.net\/wp-content\/uploads\/2016\/11\/paramente-logo.png","width":162,"height":162,"caption":"Clemens Jansen & Co"},"image":{"@id":"https:\/\/www.paramente.net\/#\/schema\/logo\/image\/"}}]}},"_links":{"self":[{"href":"https:\/\/www.paramente.net\/fr\/wp-json\/wp\/v2\/product\/2142","targetHints":{"allow":["GET"]}}],"collection":[{"href":"https:\/\/www.paramente.net\/fr\/wp-json\/wp\/v2\/product"}],"about":[{"href":"https:\/\/www.paramente.net\/fr\/wp-json\/wp\/v2\/types\/product"}],"replies":[{"embeddable":true,"href":"https:\/\/www.paramente.net\/fr\/wp-json\/wp\/v2\/comments?post=2142"}],"wp:featuredmedia":[{"embeddable":true,"href":"https:\/\/www.paramente.net\/fr\/wp-json\/wp\/v2\/media\/2200"}],"wp:attachment":[{"href":"https:\/\/www.paramente.net\/fr\/wp-json\/wp\/v2\/media?parent=2142"}],"wp:term":[{"taxonomy":"product_brand","embeddable":true,"href":"https:\/\/www.paramente.net\/fr\/wp-json\/wp\/v2\/product_brand?post=2142"},{"taxonomy":"product_cat","embeddable":true,"href":"https:\/\/www.paramente.net\/fr\/wp-json\/wp\/v2\/product_cat?post=2142"},{"taxonomy":"product_tag","embeddable":true,"href":"https:\/\/www.paramente.net\/fr\/wp-json\/wp\/v2\/product_tag?post=2142"}],"curies":[{"name":"wp","href":"https:\/\/api.w.org\/{rel}","templated":true}]}}