{"id":2142,"date":"2017-03-29T12:29:49","date_gmt":"2017-03-29T10:29:49","guid":{"rendered":"http:\/\/www.paramente.net\/produkt\/mainzer-dom-ornat-2002\/"},"modified":"2017-07-20T10:14:22","modified_gmt":"2017-07-20T08:14:22","slug":"mainzer-dom-ornat-2002","status":"publish","type":"product","link":"https:\/\/www.paramente.net\/es\/producto\/mainzer-dom-ornat-2002\/","title":{"rendered":"Regalia de la Catedral de Mainz 2002"},"content":{"rendered":"<p>Vestiduras masivas para la catedral de Mainz basadas en dise\u00f1os de Claus Kilian y Raphael Seitz<\/p>\n<p>De acuerdo con el deseo del fundador, estas t\u00fanicas deben representar muy discretamente una parte de la historia de Mainz o la historia de la iglesia de Mainz. y eventos que fueron y son igualmente importantes para Mainz, la historia de la ciudad y la iglesia.<\/p>\n<p><span style=\"color: #b80404;\"><strong>\u00a1Rojo, el color de la sangre! <\/strong><\/span>Estas vestimentas representan Mainz, que se est\u00e1 volviendo cristiana; el Maguncia de la iglesia m\u00e1rtir de los primeros siglos, en \u00e9poca romana y franca. S t. Stephan, primer m\u00e1rtir del cristianismo y segundo patr\u00f3n de la catedral, quien decapit\u00f3 a St. Alban (muri\u00f3 aprox.406) y St. Bonifatius (fallecido en 754), arzobispo de Mainz y &quot;Ap\u00f3stol de los alemanes &amp; #8220 ;, mostrado.<\/p>\n<p><span style=\"color: #856b05;\">\u00a1Blanco (dorado), el color de la alegr\u00eda!<\/span> Estas vestiduras representan el \u201cGolden Mainz &amp; #8220; (aurea moguntia). Muestran a St. Martinus von Tours (m. 397), santo patr\u00f3n de la catedral y la di\u00f3cesis de Mainz, el arzobispo Hrabanus Maurus (m. 856), el &quot;maestro de Alemania &amp; #8220;&quot; y el arzobispo Willigis (d. 1011), el constructor de la catedral.<\/p>\n<p><span style=\"color: #044f02;\">\u00a1Verde, el color de la esperanza!<\/span> Estas vestimentas representan el esperanzado y floreciente Mainz. Figuras significativas en la historia de la iglesia de Mainze &amp; #8211; la abadesa Hildegard von Bingen (m. 1179), el jesuita Petrus Canisius (m. 1597) y el obispo Emmanuel Freiherr von Ketteler (m. 1877) &amp; #8211; son exhibidos.<\/p>\n<p><span style=\"color: #660636;\">\u00a1Violeta, el color del arrepentimiento y el dolor!<\/span> Estas vestimentas representan a los afligidos, los penitentes, los esperanzados, la nueva Mainz emergente. El tiempo pascual de penitencia (Cuaresma) est\u00e1 completamente marcado por este color: mediante el arrepentimiento (conversi\u00f3n) y mediante el bautismo (recuerdo del bautismo) el hombre debe hacerse nuevo.<br \/>\nEl violeta y el negro son tambi\u00e9n los colores del duelo; se utilizan en la liturgia por los difuntos (funeral \/ r\u00e9quiem) y en el D\u00eda de los Difuntos, el d\u00eda de conmemoraci\u00f3n de todos los difuntos (2 de noviembre). En este contexto, se pueden ver las t\u00fanicas moradas de las insignias de la catedral de Mainz. \u201cEl recuerdo es el comienzo de la salvaci\u00f3n &amp; #8220; dice un proverbio jud\u00edo, y estas t\u00fanicas quieren recordar: \u00a1Eventos y personas que muchos residentes de Mainz todav\u00eda recuerdan porque experimentaron este momento ellos mismos! El recuerdo mantiene despierto el anhelo de paz y despierta la voluntad de arrepentirse.<br \/>\nLas vestimentas muestran al papa Juan XXIII beatificado, el carmelita convertido del juda\u00edsmo al catolicismo y Edith Stein (Sor Theresia Benedicta de la Cruz) asesinada en 1942 en la c\u00e1mara de gas de Birkenau &amp; #8211; y una mujer &quot;sin nombre &amp; #8220;&quot;.<br \/>\nUna prenda individual adicional conmemora la destrucci\u00f3n de Mainz en la Segunda Guerra Mundial el 27 de febrero de 1945.<\/p>\n<p>&nbsp;<\/p>\n<p>&nbsp;<\/p>","protected":false},"excerpt":{"rendered":"<p>Messgew\u00e4nder f\u00fcr den Mainzer Dom nach Entw\u00fcrfen von Claus Kilian und Raphael Seitz Dem Wunsch des Stifters entsprechend sollten diese Gew\u00e4nder sehr dezent ein St\u00fcck Mainzer Geschichte bzw. Mainzer Kirchengeschichte darstellen Ziel war es den Gew\u00e4ndern in ihrer liturgischen Farbgebung (wei\u00df, gr\u00fcn, rot, violett) Menschen und Ereignisse einer fast 2000-j\u00e4hrigen wechselhaften Geschichte zuzuordnen: Menschen und&hellip;<\/p>","protected":false},"featured_media":2200,"comment_status":"closed","ping_status":"closed","template":"","meta":[],"product_brand":[],"product_cat":[639],"product_tag":[738,418,723,605,729,606,621,101,679,612,609,608,674,95,815,99,795,607,100,151,610,675,794,793,98,816,673,96,604],"class_list":{"0":"post-2142","1":"product","2":"type-product","3":"status-publish","4":"has-post-thumbnail","6":"product_cat-ornate","7":"product_tag-chormantel","8":"product_tag-claus-kilian","9":"product_tag-dalmatik","10":"product_tag-festgewand","11":"product_tag-festornat","12":"product_tag-gewand","13":"product_tag-gewebt","14":"product_tag-handgewebt","15":"product_tag-handgewebte-seide","16":"product_tag-handstickerei","17":"product_tag-handwebstoff","18":"product_tag-hauptgewand","19":"product_tag-japangold","20":"product_tag-kasel","21":"product_tag-mainz","22":"product_tag-messgewand","23":"product_tag-mitra","24":"product_tag-ornat","25":"product_tag-priestergewand","26":"product_tag-raphael-seitz","27":"product_tag-reine-seide","28":"product_tag-reinseidenfutter","29":"product_tag-segennsvelum","30":"product_tag-segensvelum","31":"product_tag-seide","32":"product_tag-stephan","33":"product_tag-twist","34":"product_tag-weiss","35":"product_tag-weisse-kasel","36":"entry","37":"has-media","39":"first","40":"instock","41":"taxable","42":"shipping-taxable","43":"purchasable","44":"product-type-simple"},"yoast_head":"<!-- This site is optimized with the Yoast SEO plugin v27.4 - https:\/\/yoast.com\/product\/yoast-seo-wordpress\/ -->\n<title>Mainzer Dom-Ornat 2002 - Clemens Jansen &amp; Co<\/title>\n<meta name=\"robots\" content=\"index, follow, max-snippet:-1, max-image-preview:large, max-video-preview:-1\" \/>\n<link rel=\"canonical\" href=\"https:\/\/www.paramente.net\/es\/producto\/mainzer-dom-ornat-2002\/\" \/>\n<meta property=\"og:locale\" content=\"es_ES\" \/>\n<meta property=\"og:type\" content=\"article\" \/>\n<meta property=\"og:title\" content=\"Mainzer Dom-Ornat 2002 - Clemens Jansen &amp; Co\" \/>\n<meta property=\"og:description\" content=\"Messgew\u00e4nder f\u00fcr den Mainzer Dom nach Entw\u00fcrfen von Claus Kilian und Raphael Seitz Dem Wunsch des Stifters entsprechend sollten diese Gew\u00e4nder sehr dezent ein St\u00fcck Mainzer Geschichte bzw. Mainzer Kirchengeschichte darstellen Ziel war es den Gew\u00e4ndern in ihrer liturgischen Farbgebung (wei\u00df, gr\u00fcn, rot, violett) Menschen und Ereignisse einer fast 2000-j\u00e4hrigen wechselhaften Geschichte zuzuordnen: Menschen und&hellip;\" \/>\n<meta property=\"og:url\" content=\"https:\/\/www.paramente.net\/es\/producto\/mainzer-dom-ornat-2002\/\" \/>\n<meta property=\"og:site_name\" content=\"Clemens Jansen &amp; Co\" \/>\n<meta property=\"article:modified_time\" content=\"2017-07-20T08:14:22+00:00\" \/>\n<meta property=\"og:image\" content=\"https:\/\/www.paramente.net\/wp-content\/uploads\/2017\/03\/Stephanus-1.jpg\" \/>\n\t<meta property=\"og:image:width\" content=\"450\" \/>\n\t<meta property=\"og:image:height\" content=\"700\" \/>\n\t<meta property=\"og:image:type\" content=\"image\/jpeg\" \/>\n<meta name=\"twitter:card\" content=\"summary_large_image\" \/>\n<meta name=\"twitter:label1\" content=\"Tiempo de lectura\" \/>\n\t<meta name=\"twitter:data1\" content=\"2 minutos\" \/>\n<script type=\"application\/ld+json\" class=\"yoast-schema-graph\">{\"@context\":\"https:\\\/\\\/schema.org\",\"@graph\":[{\"@type\":\"WebPage\",\"@id\":\"https:\\\/\\\/www.paramente.net\\\/produkt\\\/mainzer-dom-ornat-2002\\\/\",\"url\":\"https:\\\/\\\/www.paramente.net\\\/produkt\\\/mainzer-dom-ornat-2002\\\/\",\"name\":\"Mainzer Dom-Ornat 2002 - Clemens Jansen &amp; Co\",\"isPartOf\":{\"@id\":\"https:\\\/\\\/www.paramente.net\\\/#website\"},\"primaryImageOfPage\":{\"@id\":\"https:\\\/\\\/www.paramente.net\\\/produkt\\\/mainzer-dom-ornat-2002\\\/#primaryimage\"},\"image\":{\"@id\":\"https:\\\/\\\/www.paramente.net\\\/produkt\\\/mainzer-dom-ornat-2002\\\/#primaryimage\"},\"thumbnailUrl\":\"https:\\\/\\\/www.paramente.net\\\/wp-content\\\/uploads\\\/2017\\\/03\\\/Stephanus-1.jpg\",\"datePublished\":\"2017-03-29T10:29:49+00:00\",\"dateModified\":\"2017-07-20T08:14:22+00:00\",\"breadcrumb\":{\"@id\":\"https:\\\/\\\/www.paramente.net\\\/produkt\\\/mainzer-dom-ornat-2002\\\/#breadcrumb\"},\"inLanguage\":\"es\",\"potentialAction\":[{\"@type\":\"ReadAction\",\"target\":[\"https:\\\/\\\/www.paramente.net\\\/produkt\\\/mainzer-dom-ornat-2002\\\/\"]}]},{\"@type\":\"ImageObject\",\"inLanguage\":\"es\",\"@id\":\"https:\\\/\\\/www.paramente.net\\\/produkt\\\/mainzer-dom-ornat-2002\\\/#primaryimage\",\"url\":\"https:\\\/\\\/www.paramente.net\\\/wp-content\\\/uploads\\\/2017\\\/03\\\/Stephanus-1.jpg\",\"contentUrl\":\"https:\\\/\\\/www.paramente.net\\\/wp-content\\\/uploads\\\/2017\\\/03\\\/Stephanus-1.jpg\",\"width\":450,\"height\":700},{\"@type\":\"BreadcrumbList\",\"@id\":\"https:\\\/\\\/www.paramente.net\\\/produkt\\\/mainzer-dom-ornat-2002\\\/#breadcrumb\",\"itemListElement\":[{\"@type\":\"ListItem\",\"position\":1,\"name\":\"Startseite\",\"item\":\"https:\\\/\\\/www.paramente.net\\\/\"},{\"@type\":\"ListItem\",\"position\":2,\"name\":\"Katalog\",\"item\":\"https:\\\/\\\/www.paramente.net\\\/katalog\\\/\"},{\"@type\":\"ListItem\",\"position\":3,\"name\":\"Mainzer Dom-Ornat 2002\"}]},{\"@type\":\"WebSite\",\"@id\":\"https:\\\/\\\/www.paramente.net\\\/#website\",\"url\":\"https:\\\/\\\/www.paramente.net\\\/\",\"name\":\"Clemens Jansen & Co\",\"description\":\"Hersteller und Lieferant f\u00fcr individuellen Kirchenbedarf\",\"publisher\":{\"@id\":\"https:\\\/\\\/www.paramente.net\\\/#organization\"},\"potentialAction\":[{\"@type\":\"SearchAction\",\"target\":{\"@type\":\"EntryPoint\",\"urlTemplate\":\"https:\\\/\\\/www.paramente.net\\\/?s={search_term_string}\"},\"query-input\":{\"@type\":\"PropertyValueSpecification\",\"valueRequired\":true,\"valueName\":\"search_term_string\"}}],\"inLanguage\":\"es\"},{\"@type\":\"Organization\",\"@id\":\"https:\\\/\\\/www.paramente.net\\\/#organization\",\"name\":\"Clemens Jansen & Co\",\"url\":\"https:\\\/\\\/www.paramente.net\\\/\",\"logo\":{\"@type\":\"ImageObject\",\"inLanguage\":\"es\",\"@id\":\"https:\\\/\\\/www.paramente.net\\\/#\\\/schema\\\/logo\\\/image\\\/\",\"url\":\"https:\\\/\\\/www.paramente.net\\\/wp-content\\\/uploads\\\/2016\\\/11\\\/paramente-logo.png\",\"contentUrl\":\"https:\\\/\\\/www.paramente.net\\\/wp-content\\\/uploads\\\/2016\\\/11\\\/paramente-logo.png\",\"width\":162,\"height\":162,\"caption\":\"Clemens Jansen & Co\"},\"image\":{\"@id\":\"https:\\\/\\\/www.paramente.net\\\/#\\\/schema\\\/logo\\\/image\\\/\"}}]}<\/script>\n<!-- \/ Yoast SEO plugin. -->","yoast_head_json":{"title":"Regalia de la catedral de Mainz 2002 - Clemens Jansen &amp; Co","robots":{"index":"index","follow":"follow","max-snippet":"max-snippet:-1","max-image-preview":"max-image-preview:large","max-video-preview":"max-video-preview:-1"},"canonical":"https:\/\/www.paramente.net\/es\/producto\/mainzer-dom-ornat-2002\/","og_locale":"es_ES","og_type":"article","og_title":"Mainzer Dom-Ornat 2002 - Clemens Jansen &amp; Co","og_description":"Messgew\u00e4nder f\u00fcr den Mainzer Dom nach Entw\u00fcrfen von Claus Kilian und Raphael Seitz Dem Wunsch des Stifters entsprechend sollten diese Gew\u00e4nder sehr dezent ein St\u00fcck Mainzer Geschichte bzw. Mainzer Kirchengeschichte darstellen Ziel war es den Gew\u00e4ndern in ihrer liturgischen Farbgebung (wei\u00df, gr\u00fcn, rot, violett) Menschen und Ereignisse einer fast 2000-j\u00e4hrigen wechselhaften Geschichte zuzuordnen: Menschen und&hellip;","og_url":"https:\/\/www.paramente.net\/es\/producto\/mainzer-dom-ornat-2002\/","og_site_name":"Clemens Jansen &amp; Co","article_modified_time":"2017-07-20T08:14:22+00:00","og_image":[{"width":450,"height":700,"url":"https:\/\/www.paramente.net\/wp-content\/uploads\/2017\/03\/Stephanus-1.jpg","type":"image\/jpeg"}],"twitter_card":"summary_large_image","twitter_misc":{"Tiempo de lectura":"2 minutos"},"schema":{"@context":"https:\/\/schema.org","@graph":[{"@type":"WebPage","@id":"https:\/\/www.paramente.net\/produkt\/mainzer-dom-ornat-2002\/","url":"https:\/\/www.paramente.net\/produkt\/mainzer-dom-ornat-2002\/","name":"Regalia de la catedral de Mainz 2002 - Clemens Jansen &amp; Co","isPartOf":{"@id":"https:\/\/www.paramente.net\/#website"},"primaryImageOfPage":{"@id":"https:\/\/www.paramente.net\/produkt\/mainzer-dom-ornat-2002\/#primaryimage"},"image":{"@id":"https:\/\/www.paramente.net\/produkt\/mainzer-dom-ornat-2002\/#primaryimage"},"thumbnailUrl":"https:\/\/www.paramente.net\/wp-content\/uploads\/2017\/03\/Stephanus-1.jpg","datePublished":"2017-03-29T10:29:49+00:00","dateModified":"2017-07-20T08:14:22+00:00","breadcrumb":{"@id":"https:\/\/www.paramente.net\/produkt\/mainzer-dom-ornat-2002\/#breadcrumb"},"inLanguage":"es","potentialAction":[{"@type":"ReadAction","target":["https:\/\/www.paramente.net\/produkt\/mainzer-dom-ornat-2002\/"]}]},{"@type":"ImageObject","inLanguage":"es","@id":"https:\/\/www.paramente.net\/produkt\/mainzer-dom-ornat-2002\/#primaryimage","url":"https:\/\/www.paramente.net\/wp-content\/uploads\/2017\/03\/Stephanus-1.jpg","contentUrl":"https:\/\/www.paramente.net\/wp-content\/uploads\/2017\/03\/Stephanus-1.jpg","width":450,"height":700},{"@type":"BreadcrumbList","@id":"https:\/\/www.paramente.net\/produkt\/mainzer-dom-ornat-2002\/#breadcrumb","itemListElement":[{"@type":"ListItem","position":1,"name":"Startseite","item":"https:\/\/www.paramente.net\/"},{"@type":"ListItem","position":2,"name":"Katalog","item":"https:\/\/www.paramente.net\/katalog\/"},{"@type":"ListItem","position":3,"name":"Mainzer Dom-Ornat 2002"}]},{"@type":"WebSite","@id":"https:\/\/www.paramente.net\/#website","url":"https:\/\/www.paramente.net\/","name":"Clemens Jansen &amp; Co","description":"Fabricante y proveedor para las necesidades individuales de la iglesia.","publisher":{"@id":"https:\/\/www.paramente.net\/#organization"},"potentialAction":[{"@type":"SearchAction","target":{"@type":"EntryPoint","urlTemplate":"https:\/\/www.paramente.net\/?s={search_term_string}"},"query-input":{"@type":"PropertyValueSpecification","valueRequired":true,"valueName":"search_term_string"}}],"inLanguage":"es"},{"@type":"Organization","@id":"https:\/\/www.paramente.net\/#organization","name":"Clemens Jansen &amp; Co","url":"https:\/\/www.paramente.net\/","logo":{"@type":"ImageObject","inLanguage":"es","@id":"https:\/\/www.paramente.net\/#\/schema\/logo\/image\/","url":"https:\/\/www.paramente.net\/wp-content\/uploads\/2016\/11\/paramente-logo.png","contentUrl":"https:\/\/www.paramente.net\/wp-content\/uploads\/2016\/11\/paramente-logo.png","width":162,"height":162,"caption":"Clemens Jansen & Co"},"image":{"@id":"https:\/\/www.paramente.net\/#\/schema\/logo\/image\/"}}]}},"_links":{"self":[{"href":"https:\/\/www.paramente.net\/es\/wp-json\/wp\/v2\/product\/2142","targetHints":{"allow":["GET"]}}],"collection":[{"href":"https:\/\/www.paramente.net\/es\/wp-json\/wp\/v2\/product"}],"about":[{"href":"https:\/\/www.paramente.net\/es\/wp-json\/wp\/v2\/types\/product"}],"replies":[{"embeddable":true,"href":"https:\/\/www.paramente.net\/es\/wp-json\/wp\/v2\/comments?post=2142"}],"wp:featuredmedia":[{"embeddable":true,"href":"https:\/\/www.paramente.net\/es\/wp-json\/wp\/v2\/media\/2200"}],"wp:attachment":[{"href":"https:\/\/www.paramente.net\/es\/wp-json\/wp\/v2\/media?parent=2142"}],"wp:term":[{"taxonomy":"product_brand","embeddable":true,"href":"https:\/\/www.paramente.net\/es\/wp-json\/wp\/v2\/product_brand?post=2142"},{"taxonomy":"product_cat","embeddable":true,"href":"https:\/\/www.paramente.net\/es\/wp-json\/wp\/v2\/product_cat?post=2142"},{"taxonomy":"product_tag","embeddable":true,"href":"https:\/\/www.paramente.net\/es\/wp-json\/wp\/v2\/product_tag?post=2142"}],"curies":[{"name":"wp","href":"https:\/\/api.w.org\/{rel}","templated":true}]}}